{"id":2697,"date":"2018-05-30T14:55:20","date_gmt":"2018-05-30T14:55:20","guid":{"rendered":"https:\/\/apartamentosvoramar.com\/aviso-legal\/"},"modified":"2018-05-31T13:48:18","modified_gmt":"2018-05-31T13:48:18","slug":"datenschutzrichtlinie","status":"publish","type":"page","link":"https:\/\/www.apartamentosvoramar.com\/de\/datenschutzrichtlinie\/","title":{"rendered":"Datenschutzrichtlinie"},"content":{"rendered":"<div class=\"wpb-content-wrapper\"><p>[vc_row css=&#8220;.vc_custom_1527692465287{padding-top: 50px !important;padding-bottom: 50px !important;}&#8220;][vc_column][vc_custom_heading text=&#8220;Datenschutzrichtlinie&#8220; font_container=&#8220;tag:h1|text_align:center&#8220; google_fonts=&#8220;font_family:Roboto%3A100%2C100italic%2C300%2C300italic%2Cregular%2Citalic%2C500%2C500italic%2C700%2C700italic%2C900%2C900italic|font_style:400%20regular%3A400%3Anormal&#8220; css=&#8220;.vc_custom_1527774491823{margin-bottom: 30px !important;}&#8220;][vc_column_text]<strong>Aviso Legal y Pol\u00edtica de Privacidad<\/strong><\/p>\n<p class=\"p1\"><span class=\"s1\">En cumplimiento de la Ley 34\/2002 de Servicios de la Sociedad de la Informaci\u00f3n y de Comercio Electr\u00f3nico de Espa\u00f1a, le informamos que esta p\u00e1gina Web es propiedad de Castell Iscon, SL (en adelante \u201cLa Empresa\u201d) con domicilio en Calle Las Barcas2 \u2013 08860 Castelldefels (Barcelona), Espa\u00f1a y con C.I.F. ES B63470942 e inscrita en el Registro Mercantil de Barcelona con los siguientes datos: Tomo 36512, Folio 149, Hoja B-279366.<\/span><\/p>\n<p class=\"p1\"><span class=\"s1\">Para cualquier consulta o propuesta en relaci\u00f3n a este aviso legal, puede contactarnos en el e-mail info@apartamentosvoramar.com.<\/span><\/p>\n<p class=\"p1\"><span class=\"s1\">Esta p\u00e1gina Web se rige por la normativa exclusivamente aplicable en Espa\u00f1a, quedando sometida a ella, tanto nacionales como extranjeros que utilicen esta Web.<\/span><\/p>\n<p class=\"p1\"><span class=\"s1\">El acceso a nuestra p\u00e1gina Web por parte del USUARIO es gratuito y est\u00e1 condicionado a la previa lectura y aceptaci\u00f3n \u00edntegra, expresa y sin reservas de las presentes CONDICIONES GENERALES DE USO vigentes en el momento del acceso, que rogamos lea detenidamente. El USUARIO en el momento que utiliza nuestro portal, sus contenidos o servicios, acepta y se somete expresamente a las condiciones generales de uso del mismo. Si el usuario no estuviere de acuerdo con las presentes condiciones de uso, deber\u00e1 abstenerse de utilizar este portal y operar por medio del mismo.<\/span><\/p>\n<p class=\"p1\"><span class=\"s1\">En cualquier momento podremos modificar la presentaci\u00f3n y configuraci\u00f3n de nuestra Web, ampliar o reducir servicios, e incluso suprimirla de la Red, as\u00ed como los servicios y contenidos prestados, todo ello de forma unilateral y sin previo aviso.<\/span><\/p>\n<p class=\"p1\"><span class=\"s1\"><b>A. PROPIEDAD INTELECTUAL<\/b><\/span><\/p>\n<p class=\"p1\"><span class=\"s1\">Todos los contenidos, textos, im\u00e1genes, y c\u00f3digos fuente son propiedad de La Empresa o de terceros a los que se han adquirido sus derechos de explotaci\u00f3n, y est\u00e1n protegidos por los derechos de Propiedad Intelectual e Industrial.<\/span><\/p>\n<p class=\"p1\"><span class=\"s1\">El usuario \u00fanicamente tiene derecho a un uso privado de los mismos, sin \u00e1nimo de lucro, y necesita autorizaci\u00f3n expresa de La Empresa y\/o el titular de los derechos para modificarlos, reproducirlos, explotarlos, distribuirlos o cualquier derecho perteneciente a su titular.<\/span><\/p>\n<p class=\"p1\"><span class=\"s1\">El establecimiento de enlaces a nuestro portal no confiere ning\u00fan derecho sobre el mismo, y se autoriza exclusivamente a permitir el acceso a nuestra web, quedando prohibida en otras p\u00e1ginas la reproducci\u00f3n total o parcial de las im\u00e1genes y contenidos de nuestro portal. Asimismo, el simple hecho de establecer un enlace a nuestra p\u00e1gina web no da derecho a otorgarse la categor\u00eda de colaborador o socio de La Empresa.<\/span><\/p>\n<p class=\"p1\"><span class=\"s1\">Est\u00e1 absolutamente prohibida la imitaci\u00f3n ya sea total o parcial de nuestro portal.<\/span><\/p>\n<p class=\"p1\"><span class=\"s1\"><b>B. CONDICIONES DE ACCESO<\/b><\/span><\/p>\n<p class=\"p1\"><span class=\"s1\">El acceso a nuestra p\u00e1gina Web es gratuito y no exige previa suscripci\u00f3n o registro. No obstante, La Empresa se reserva el derecho de ofrecer servicios que requieran el registro previo del usuario. En todo caso, estos servicios quedar\u00e1n debidamente identificados en la Web, con f\u00e1ciles indicaciones para su registro.<\/span><\/p>\n<p class=\"p1\"><span class=\"s1\">El usuario debe acceder a nuestra p\u00e1gina Web conforme a la buena fe, las normas de orden p\u00fablico, a las presentes Condiciones Generales de uso. El acceso a nuestro sitio Web se realiza bajo la propia y exclusiva responsabilidad del usuario, que responder\u00e1 en todo caso de los da\u00f1os y perjuicios que pueda causar a terceros o a nosotros mismos.<\/span><\/p>\n<p class=\"p1\"><span class=\"s1\">El usuario tiene expresamente prohibido la utilizaci\u00f3n y obtenci\u00f3n de los servicios y contenidos ofrecidos en la presente p\u00e1gina web, por procedimientos distintos a los estipulados en las presentes condiciones de uso, y en su caso en las condiciones particulares que regulen la adquisici\u00f3n de determinados servicios.<\/span><\/p>\n<p class=\"p1\"><span class=\"s1\">Teniendo en cuenta la imposibilidad de control respecto a la informaci\u00f3n, contenidos y servicios que contengan otras websites a los que se pueda acceder a trav\u00e9s de los enlaces que nuestra p\u00e1gina web pone a su disposici\u00f3n, le comunicamos que La Empresa queda eximida de cualquier responsabilidad por los da\u00f1os y perjuicios de toda clase que pudiesen derivar por la utilizaci\u00f3n de esas p\u00e1ginas web ajenas a nuestra empresa por parte del usuario.<\/span><\/p>\n<p class=\"p1\"><span class=\"s1\">La Empresa se reserva el derecho de ejercitar las acciones legales oportunas contra aquellos USUARIOS que vulneren las presentes condiciones generales de uso, aceptando el USUARIO que la no iniciaci\u00f3n de estas acciones no constituye una renuncia formal a los mismas, permaneciendo \u00e9stas vigentes hasta los plazos de prescripci\u00f3n de las infracciones.<\/span><\/p>\n<p class=\"p1\"><span class=\"s1\"><b>C. PROTECCI\u00d3N DE DATOS PERSONALES<\/b><\/span><\/p>\n<p class=\"p1\"><span class=\"s1\">La confidencialidad, el secreto profesional y la seguridad son valores primordiales de La Empresa, que asume el compromiso de garantizar la privacidad del usuario o visitante en todo momento, y en todas las interacciones con aquel. La Empresa asume tambi\u00e9n el compromiso de no recabar informaci\u00f3n innecesaria sobre el Usuario. Asimismo, nos comprometemos a tratar con extrema diligencia la informaci\u00f3n personal que el Usuario pueda facilitar a trav\u00e9s de nuestra web.<\/span><\/p>\n<p class=\"p1\"><span class=\"s1\">De conformidad con la Ley Org\u00e1nica 15\/1999 de Protecci\u00f3n de Datos de Car\u00e1cter Personal (LOPD), y Real Decreto 1720\/2007 de desarrollo de la LOPD, le informamos que la utilizaci\u00f3n de determinados servicios en nuestra p\u00e1gina web requiere que nos facilite determinados datos personales a trav\u00e9s de formularios de registro o mediante el env\u00edo de mensajes de correo electr\u00f3nico, y que \u00e9stos ser\u00e1n objeto de tratamiento e incorporados a los ficheros de La Empresa, titular y responsable del mismo. El env\u00edo referido de los datos personales constituye el consentimiento expreso al tratamiento de los mismos, si bien de car\u00e1cter revocable y sin efectos retroactivos.<\/span><\/p>\n<p class=\"p1\"><span class=\"s1\">Asimismo le informamos que todos nuestros ficheros se encuentran legalmente inscritos en el Registro General de Datos Personales de la Agencia Espa\u00f1ola de Protecci\u00f3n de Datos, as\u00ed como que para salvaguardar la seguridad de sus datos personales se aplicar\u00e1n las medidas de seguridad t\u00e9cnicas y organizativas exigidas en el Real Decreto 1720\/2007 que regula el reglamento de medidas de seguridad de los ficheros que contengan datos de car\u00e1cter personal.<\/span><\/p>\n<p class=\"p1\"><span class=\"s1\"><b>Uso de sus datos personales<\/b><\/span><\/p>\n<p class=\"p1\"><span class=\"s1\">Los datos que le solicitamos son los adecuados, pertinentes y estrictamente necesarios para la finalidad por la que se recogen, y en ning\u00fan caso est\u00e1 obligado a facilit\u00e1rnoslos. Asimismo, nos certifica que todos los datos que nos facilita son ciertos, veraces y pertinentes para la finalidad por la que se los solicitamos.<\/span><\/p>\n<p class=\"p1\"><span class=\"s1\">Nuestra p\u00e1gina Web recoge sus datos personales mediante la recepci\u00f3n de diversos formularios y a trav\u00e9s del correo electr\u00f3nico, d\u00f3nde puede solicitarnos cualquier tipo de informaci\u00f3n, aclaraci\u00f3n o duda, e incluso remitirnos su curr\u00edculum vitae. El env\u00edo de los mismos implica su autorizaci\u00f3n a incorporarlos a nuestros ficheros correspondientes, si La Empresa lo considera conveniente, y \u00e9stos estar\u00e1n regulados por las presentes pol\u00edticas de privacidad. Sus datos ser\u00e1n incorporados a nuestros ficheros de tratamiento de datos, y podr\u00e1n asimismo ser cedidos a las empresas como Castell Hotels Sl. Y Castell Sol SL<span class=\"Apple-converted-space\">\u00a0 <\/span>para usos o env\u00edos comerciales y\/o promocionales de nuestros servicios.<\/span><\/p>\n<p class=\"p1\"><span class=\"s1\">La Empresa se reserva el derecho de decidir la incorporaci\u00f3n o no de sus datos personales a sus ficheros.<\/span><\/p>\n<p class=\"p1\"><span class=\"s1\"><b>Derechos de acceso, rectificaci\u00f3n, cancelaci\u00f3n de sus datos personales<\/b><\/span><\/p>\n<p class=\"p1\"><span class=\"s1\">En cualquier momento puede oponerse a nuestros env\u00edos comerciales, as\u00ed como ejercer sus derechos de acceso, rectificaci\u00f3n y cancelaci\u00f3n en los t\u00e9rminos establecidos legalmente, en la direcci\u00f3n y datos indicados en el inicio del presente Aviso Legal, aport\u00e1ndonos copia de su D.N.I.<\/span><\/p>\n<p class=\"p1\"><span class=\"s1\"><b>Comunicaciones de datos<\/b><\/span><\/p>\n<p class=\"p1\"><span class=\"s1\">La Empresa le informa que sus datos son tratados confidencialmente y son utilizados exclusivamente de manera interna y para las finalidades indicadas. Por lo tanto, no cedemos ni comunicamos a ning\u00fan tercero sus datos, excepto en los casos legalmente previstos, o que el USUARIO nos lo autorice expresamente.<\/span><\/p>\n<p class=\"p1\"><span class=\"s1\"><b>Seguridad de sus datos personales<\/b><\/span><\/p>\n<p class=\"p1\"><span class=\"s1\">Con el objetivo de salvaguardar la seguridad de sus datos personales, le informamos que La Empresa ha adoptado todas las medidas de \u00edndole t\u00e9cnica y organizativa necesarias para garantizar la seguridad de los datos personales suministrados de su alteraci\u00f3n, p\u00e9rdida, y tratamientos o accesos no autorizados, tal como exige el Real Decreto 1720\/2007 regula el reglamento de medidas de seguridad de los ficheros que contengan datos de car\u00e1cter personal.<\/span><\/p>\n<p class=\"p1\"><span class=\"s1\"><b>Actualizaci\u00f3n de sus datos<\/b><\/span><\/p>\n<p class=\"p1\"><span class=\"s1\">Es importante que para que podamos mantener sus datos personales actualizados, nos informe siempre que haya habido alguna modificaci\u00f3n en ellos, en caso contrario, no respondemos de la veracidad de los mismos.<\/span><\/p>\n<p class=\"p1\"><span class=\"s1\">Consideramos que si no cancela sus datos personales expresamente de nuestros ficheros, contin\u00faa interesado en seguir incorporado a los mismos hasta que La Empresa lo considere oportuno y mientras sea adecuado a la finalidad por la que se obtuvieron.<\/span><\/p>\n<p class=\"p1\"><span class=\"s1\">La Empresa no se hace responsable de la pol\u00edtica de privacidad respecto a los datos personales que pueda facilitar a terceros por medio de los enlaces disponibles en nuestra p\u00e1gina web.<\/span><\/p>\n<p class=\"p1\"><span class=\"s1\">La Empresa puede modificar las presentes pol\u00edticas de privacidad para adaptarlas a las modificaciones que se produzca en nuestra web, as\u00ed como modificaciones legislativas o jurisprudenciales sobre datos personales que vayan apareciendo, por lo que exige su lectura, cada vez que nos facilite sus datos a trav\u00e9s de esta Web.<\/span><\/p>\n<p class=\"p1\"><span class=\"s1\"><b>D. RESPONSABILIDADES<\/b><\/span><\/p>\n<p class=\"p1\"><span class=\"s1\">Al poner a disposici\u00f3n del usuario esta p\u00e1gina Web, queremos ofrecerle toda una serie de contenidos y servicios de calidad, utilizando la m\u00e1xima diligencia en la prestaci\u00f3n de los mismos, as\u00ed como en los medios tecnol\u00f3gicos utilizados. No obstante, no responderemos de la presencia de virus y otros elementos que de alg\u00fan modo puedan da\u00f1ar el sistema inform\u00e1tico del usuario.<\/span><\/p>\n<p class=\"p1\"><span class=\"s1\">El USUARIO tiene prohibido cualquier tipo de acci\u00f3n sobre nuestro portal que origine una excesiva sobrecarga de funcionamiento a nuestros sistemas inform\u00e1ticos, as\u00ed como la introducci\u00f3n de virus, o instalaci\u00f3n de robots, o software que altere el normal funcionamiento de nuestra web, o que, en definitiva, pueda causar da\u00f1os a nuestros sistemas inform\u00e1ticos.<\/span><\/p>\n<p class=\"p1\"><span class=\"s1\">El usuario asume toda la responsabilidad derivada del uso de nuestra p\u00e1gina web, siendo el \u00fanico responsable de todo efecto directo o indirecto que sobre la p\u00e1gina web se derive, incluyendo, de forma enunciativa y no limitativa, todo resultado econ\u00f3mico, t\u00e9cnico y\/o jur\u00eddico adverso, as\u00ed como la defraudaci\u00f3n de las expectativas generadas por nuestro portal, oblig\u00e1ndose el usuario a mantener indemne a La Empresa por cualesquiera reclamaciones derivadas, directa o indirectamente de tales hechos.<\/span><\/p>\n<p class=\"p1\"><span class=\"s1\">La Empresa queda exonerado de responsabilidad por cualquier reclamaci\u00f3n respecto a los derechos de propiedad intelectual de los art\u00edculos e im\u00e1genes publicadas en su portal, as\u00ed como, no garantiza la exactitud, veracidad y vigencia de los contenidos de esta p\u00e1gina web, ya sean propios, de terceros, o enlazables a otras web sites, quedando totalmente exonerada de cualquier responsabilidad derivada del uso de los mismos.<\/span><\/p>\n<p class=\"p1\"><span class=\"s1\">La Empresa queda exonerada de cualquier responsabilidad derivada de cualquier reclamaci\u00f3n, incluido el pago de honorarios a abogados, por las demandas y reclamaciones originadas por terceros por el incumplimiento por parte del USUARIO de nuestras condiciones de uso, acceso y pol\u00edtica de privacidad, o cualesquiera otra reclamaci\u00f3n por el incumplimiento de la legislaci\u00f3n vigente.<\/span><\/p>\n<p class=\"p1\"><span class=\"s1\">El USUARIO reconoce que ha entendido toda la informaci\u00f3n respecto a las condiciones de uso de nuestro portal, y reconoce que son suficientes para la exclusi\u00f3n del error en las mismas, y por lo tanto, las acepta \u00edntegra y expresamente.<\/span><\/p>\n<p class=\"p1\"><span class=\"s1\">El USUARIO es plenamente consciente de que la mera navegaci\u00f3n por la presente p\u00e1gina web, as\u00ed como la utilizaci\u00f3n de sus servicios, implica la aceptaci\u00f3n de las presentes condiciones de uso.<\/span><\/p>\n<p>[\/vc_column_text][\/vc_column][\/vc_row]<\/p>\n<\/div>","protected":false},"excerpt":{"rendered":"<p>[vc_row css=&#8220;.vc_custom_1527692465287{padding-top: 50px !important;padding-bottom: 50px !important;}&#8220;][vc_column][vc_custom_heading text=&#8220;Datenschutzrichtlinie&#8220; font_container=&#8220;tag:h1|text_align:center&#8220; google_fonts=&#8220;font_family:Roboto%3A100%2C100italic%2C300%2C300italic%2Cregular%2Citalic%2C500%2C500italic%2C700%2C700italic%2C900%2C900italic|font_style:400%20regular%3A400%3Anormal&#8220; css=&#8220;.vc_custom_1527774491823{margin-bottom: 30px !important;}&#8220;][vc_column_text]Aviso Legal y Pol\u00edtica de Privacidad En cumplimiento de la Ley 34\/2002 de Servicios de la Sociedad de la Informaci\u00f3n y de Comercio Electr\u00f3nico de Espa\u00f1a, le informamos que esta p\u00e1gina Web es propiedad de Castell Iscon, SL (en adelante \u201cLa Empresa\u201d) con domicilio [&hellip;]<\/p>\n","protected":false},"author":1,"featured_media":0,"parent":0,"menu_order":0,"comment_status":"closed","ping_status":"closed","template":"","meta":{"footnotes":""},"class_list":["post-2697","page","type-page","status-publish","hentry"],"yoast_head":"<!-- This site is optimized with the Yoast SEO plugin v27.5 - https:\/\/yoast.com\/product\/yoast-seo-wordpress\/ -->\n<title>Datenschutzrichtlinie - Apartamentos Voramar<\/title>\n<meta name=\"robots\" content=\"index, follow, max-snippet:-1, max-image-preview:large, max-video-preview:-1\" \/>\n<link rel=\"canonical\" href=\"https:\/\/www.apartamentosvoramar.com\/aviso-legal\/\" \/>\n<meta property=\"og:locale\" content=\"de_DE\" \/>\n<meta property=\"og:type\" content=\"article\" \/>\n<meta property=\"og:title\" content=\"Datenschutzrichtlinie - Apartamentos Voramar\" \/>\n<meta property=\"og:description\" content=\"[vc_row css=&#8220;.vc_custom_1527692465287{padding-top: 50px !important;padding-bottom: 50px !important;}&#8220;][vc_column][vc_custom_heading text=&#8220;Datenschutzrichtlinie&#8220; font_container=&#8220;tag:h1|text_align:center&#8220; google_fonts=&#8220;font_family:Roboto%3A100%2C100italic%2C300%2C300italic%2Cregular%2Citalic%2C500%2C500italic%2C700%2C700italic%2C900%2C900italic|font_style:400%20regular%3A400%3Anormal&#8220; css=&#8220;.vc_custom_1527774491823{margin-bottom: 30px !important;}&#8220;][vc_column_text]Aviso Legal y Pol\u00edtica de Privacidad En cumplimiento de la Ley 34\/2002 de Servicios de la Sociedad de la Informaci\u00f3n y de Comercio Electr\u00f3nico de Espa\u00f1a, le informamos que esta p\u00e1gina Web es propiedad de Castell Iscon, SL (en adelante \u201cLa Empresa\u201d) con domicilio [&hellip;]\" \/>\n<meta property=\"og:url\" content=\"https:\/\/www.apartamentosvoramar.com\/aviso-legal\/\" \/>\n<meta property=\"og:site_name\" content=\"Apartamentos Voramar\" \/>\n<meta property=\"article:modified_time\" content=\"2018-05-31T13:48:18+00:00\" \/>\n<meta name=\"twitter:card\" content=\"summary_large_image\" \/>\n<meta name=\"twitter:label1\" content=\"Gesch\u00e4tzte Lesezeit\" \/>\n\t<meta name=\"twitter:data1\" content=\"10\u00a0Minuten\" \/>\n<script type=\"application\/ld+json\" class=\"yoast-schema-graph\">{\"@context\":\"https:\\\/\\\/schema.org\",\"@graph\":[{\"@type\":\"WebPage\",\"@id\":\"https:\\\/\\\/www.apartamentosvoramar.com\\\/aviso-legal\\\/\",\"url\":\"https:\\\/\\\/www.apartamentosvoramar.com\\\/aviso-legal\\\/\",\"name\":\"Datenschutzrichtlinie - Apartamentos Voramar\",\"isPartOf\":{\"@id\":\"https:\\\/\\\/www.apartamentosvoramar.com\\\/#website\"},\"datePublished\":\"2018-05-30T14:55:20+00:00\",\"dateModified\":\"2018-05-31T13:48:18+00:00\",\"breadcrumb\":{\"@id\":\"https:\\\/\\\/www.apartamentosvoramar.com\\\/aviso-legal\\\/#breadcrumb\"},\"inLanguage\":\"de\",\"potentialAction\":[{\"@type\":\"ReadAction\",\"target\":[\"https:\\\/\\\/www.apartamentosvoramar.com\\\/aviso-legal\\\/\"]}]},{\"@type\":\"BreadcrumbList\",\"@id\":\"https:\\\/\\\/www.apartamentosvoramar.com\\\/aviso-legal\\\/#breadcrumb\",\"itemListElement\":[{\"@type\":\"ListItem\",\"position\":1,\"name\":\"Portada\",\"item\":\"https:\\\/\\\/www.apartamentosvoramar.com\\\/de\\\/\"},{\"@type\":\"ListItem\",\"position\":2,\"name\":\"Datenschutzrichtlinie\"}]},{\"@type\":\"WebSite\",\"@id\":\"https:\\\/\\\/www.apartamentosvoramar.com\\\/#website\",\"url\":\"https:\\\/\\\/www.apartamentosvoramar.com\\\/\",\"name\":\"Apartamentos Voramar\",\"description\":\"Tu apartamento vacacional en Castelldefels playa\",\"potentialAction\":[{\"@type\":\"SearchAction\",\"target\":{\"@type\":\"EntryPoint\",\"urlTemplate\":\"https:\\\/\\\/www.apartamentosvoramar.com\\\/?s={search_term_string}\"},\"query-input\":{\"@type\":\"PropertyValueSpecification\",\"valueRequired\":true,\"valueName\":\"search_term_string\"}}],\"inLanguage\":\"de\"}]}<\/script>\n<!-- \/ Yoast SEO plugin. -->","yoast_head_json":{"title":"Datenschutzrichtlinie - Apartamentos Voramar","robots":{"index":"index","follow":"follow","max-snippet":"max-snippet:-1","max-image-preview":"max-image-preview:large","max-video-preview":"max-video-preview:-1"},"canonical":"https:\/\/www.apartamentosvoramar.com\/aviso-legal\/","og_locale":"de_DE","og_type":"article","og_title":"Datenschutzrichtlinie - Apartamentos Voramar","og_description":"[vc_row css=&#8220;.vc_custom_1527692465287{padding-top: 50px !important;padding-bottom: 50px !important;}&#8220;][vc_column][vc_custom_heading text=&#8220;Datenschutzrichtlinie&#8220; font_container=&#8220;tag:h1|text_align:center&#8220; google_fonts=&#8220;font_family:Roboto%3A100%2C100italic%2C300%2C300italic%2Cregular%2Citalic%2C500%2C500italic%2C700%2C700italic%2C900%2C900italic|font_style:400%20regular%3A400%3Anormal&#8220; css=&#8220;.vc_custom_1527774491823{margin-bottom: 30px !important;}&#8220;][vc_column_text]Aviso Legal y Pol\u00edtica de Privacidad En cumplimiento de la Ley 34\/2002 de Servicios de la Sociedad de la Informaci\u00f3n y de Comercio Electr\u00f3nico de Espa\u00f1a, le informamos que esta p\u00e1gina Web es propiedad de Castell Iscon, SL (en adelante \u201cLa Empresa\u201d) con domicilio [&hellip;]","og_url":"https:\/\/www.apartamentosvoramar.com\/aviso-legal\/","og_site_name":"Apartamentos Voramar","article_modified_time":"2018-05-31T13:48:18+00:00","twitter_card":"summary_large_image","twitter_misc":{"Gesch\u00e4tzte Lesezeit":"10\u00a0Minuten"},"schema":{"@context":"https:\/\/schema.org","@graph":[{"@type":"WebPage","@id":"https:\/\/www.apartamentosvoramar.com\/aviso-legal\/","url":"https:\/\/www.apartamentosvoramar.com\/aviso-legal\/","name":"Datenschutzrichtlinie - Apartamentos Voramar","isPartOf":{"@id":"https:\/\/www.apartamentosvoramar.com\/#website"},"datePublished":"2018-05-30T14:55:20+00:00","dateModified":"2018-05-31T13:48:18+00:00","breadcrumb":{"@id":"https:\/\/www.apartamentosvoramar.com\/aviso-legal\/#breadcrumb"},"inLanguage":"de","potentialAction":[{"@type":"ReadAction","target":["https:\/\/www.apartamentosvoramar.com\/aviso-legal\/"]}]},{"@type":"BreadcrumbList","@id":"https:\/\/www.apartamentosvoramar.com\/aviso-legal\/#breadcrumb","itemListElement":[{"@type":"ListItem","position":1,"name":"Portada","item":"https:\/\/www.apartamentosvoramar.com\/de\/"},{"@type":"ListItem","position":2,"name":"Datenschutzrichtlinie"}]},{"@type":"WebSite","@id":"https:\/\/www.apartamentosvoramar.com\/#website","url":"https:\/\/www.apartamentosvoramar.com\/","name":"Apartamentos Voramar","description":"Tu apartamento vacacional en Castelldefels playa","potentialAction":[{"@type":"SearchAction","target":{"@type":"EntryPoint","urlTemplate":"https:\/\/www.apartamentosvoramar.com\/?s={search_term_string}"},"query-input":{"@type":"PropertyValueSpecification","valueRequired":true,"valueName":"search_term_string"}}],"inLanguage":"de"}]}},"_links":{"self":[{"href":"https:\/\/www.apartamentosvoramar.com\/de\/wp-json\/wp\/v2\/pages\/2697","targetHints":{"allow":["GET"]}}],"collection":[{"href":"https:\/\/www.apartamentosvoramar.com\/de\/wp-json\/wp\/v2\/pages"}],"about":[{"href":"https:\/\/www.apartamentosvoramar.com\/de\/wp-json\/wp\/v2\/types\/page"}],"author":[{"embeddable":true,"href":"https:\/\/www.apartamentosvoramar.com\/de\/wp-json\/wp\/v2\/users\/1"}],"replies":[{"embeddable":true,"href":"https:\/\/www.apartamentosvoramar.com\/de\/wp-json\/wp\/v2\/comments?post=2697"}],"version-history":[{"count":1,"href":"https:\/\/www.apartamentosvoramar.com\/de\/wp-json\/wp\/v2\/pages\/2697\/revisions"}],"predecessor-version":[{"id":2698,"href":"https:\/\/www.apartamentosvoramar.com\/de\/wp-json\/wp\/v2\/pages\/2697\/revisions\/2698"}],"wp:attachment":[{"href":"https:\/\/www.apartamentosvoramar.com\/de\/wp-json\/wp\/v2\/media?parent=2697"}],"curies":[{"name":"wp","href":"https:\/\/api.w.org\/{rel}","templated":true}]}}